{"id":83,"date":"2017-01-05T11:41:24","date_gmt":"2017-01-05T10:41:24","guid":{"rendered":"http:\/\/conseilfrancaisducerveau.org\/?page_id=83"},"modified":"2018-05-17T11:35:28","modified_gmt":"2018-05-17T10:35:28","slug":"les-experts-du-conseil-francais-du-cerveau","status":"publish","type":"page","link":"http:\/\/conseilfrancaisducerveau.org\/index.php\/presentation\/les-experts-du-conseil-francais-du-cerveau\/","title":{"rendered":"Les experts du Conseil Fran\u00e7ais du Cerveau"},"content":{"rendered":"<p class=\"western\" lang=\"en-US\" align=\"justify\">Une des missions du Conseil Fran\u00e7ais du Cerveau est de participer \u00e0 l&#8217;\u00e9valuation des co\u00fbts de sant\u00e9 li\u00e9s aux maladies du cerveau en France et en Europe. Pour remplir cette mission, le conseil a rassembl\u00e9 un comit\u00e9 d&#8217;expert fran\u00e7ais:<\/p>\n<p><strong><span style=\"color: #4f81bd;\"><span style=\"font-family: Calibri,serif;\"><span lang=\"en-US\">Neuro-oncologie<\/span><\/span><\/span><\/strong><\/p>\n<ul>\n<li><span style=\"font-family: Calibri,serif;\"><span lang=\"en-US\">Prof. <\/span><\/span><span style=\"font-family: Calibri,serif;\"><span lang=\"en-US\"><b>J\u00e9r\u00f4me Honnorat (CHU Lyon)<b>\u00a0<\/b><\/b><\/span><\/span><\/li>\n<li><span style=\"font-family: Calibri,serif;\"><span lang=\"en-US\">Prof. <\/span><\/span><span style=\"font-family: Calibri,serif;\"><span lang=\"en-US\"><b>Fran\u00e7ois Ducray<span style=\"font-family: Calibri,serif;\"> (CHU Lyon)<\/span><\/b><\/span><\/span><\/li>\n<\/ul>\n<p><span style=\"color: #4f81bd;\"><span style=\"font-family: Calibri,serif;\"><span lang=\"en-US\"><strong>Scl\u00e9rose en plaques<\/strong><b><b><br \/>\n<\/b><\/b><\/span><\/span><\/span><\/p>\n<ul>\n<li><span style=\"font-family: Calibri,serif;\"><span lang=\"en-US\">Prof. <\/span><\/span><span style=\"font-family: Calibri,serif;\"><span lang=\"en-US\"><b>Michel Clanet<span style=\"font-family: Calibri,serif;\"> (CHU <\/span><\/b><span style=\"font-family: Calibri,serif;\">Toulouse<\/span><b><span style=\"font-family: Calibri,serif;\">)<\/span><\/b><\/span><\/span><\/li>\n<li><span style=\"font-family: Calibri,serif;\"><span lang=\"en-US\">Prof. <\/span><\/span><span style=\"font-family: Calibri,serif;\"><span lang=\"en-US\"><b>Sandra Vukusic<span style=\"font-family: Calibri,serif;\"> (CHU Lyon)<\/span><\/b><\/span><\/span><span style=\"font-family: Calibri,serif;\"><span lang=\"en-US\">\u00a0 <\/span><\/span><\/li>\n<\/ul>\n<p><strong><span style=\"color: #4f81bd;\"><span style=\"font-family: Calibri,serif;\"><span lang=\"en-US\">Epilepsie<\/span><\/span><\/span><\/strong><\/p>\n<ul>\n<li><span style=\"font-family: Calibri,serif;\">Dr. <\/span><span style=\"font-family: Calibri,serif;\"><b>Marie-Christine Picot\u00a0<span style=\"font-family: Calibri,serif;\"><span lang=\"en-US\"> (CHU <\/span><\/span><\/b><span style=\"font-family: Calibri,serif;\"><span lang=\"en-US\">Montpellier<\/span><\/span><b><span style=\"font-family: Calibri,serif;\"><span lang=\"en-US\">)<\/span><\/span><\/b><\/span><\/li>\n<li><span style=\"font-family: Calibri,serif;\">Prof. <\/span><span style=\"font-family: Calibri,serif;\"><b>Sylvain Rheims (Universit\u00e9 Lyon 1)<\/b><\/span><\/li>\n<\/ul>\n<p><strong><span style=\"color: #4f81bd;\"><span style=\"font-family: Calibri,serif;\"><span lang=\"en-US\">Maladie de Parkinson et troubles moteurs<\/span><\/span><\/span><\/strong><\/p>\n<ul>\n<li><span style=\"font-family: Calibri,serif;\"><span lang=\"en-US\">Prof. <\/span><\/span><span style=\"font-family: Calibri,serif;\"><span lang=\"en-US\"><b>Marie Vidailhet (APH<\/b><b>P)<\/b><\/span><\/span><\/li>\n<li><span style=\"font-family: Calibri,serif;\"><span lang=\"en-US\">Prof. <\/span><\/span><span style=\"font-family: Calibri,serif;\"><span lang=\"en-US\"><b>Philippe Damier\u00a0<span style=\"font-family: Calibri,serif;\"> (CHU <\/span><\/b><span style=\"font-family: Calibri,serif;\">Nantes<\/span><b><span style=\"font-family: Calibri,serif;\">)<\/span><\/b><\/span><\/span><\/li>\n<\/ul>\n<p><strong><span style=\"color: #4f81bd;\"><span style=\"font-family: Calibri,serif;\"><span lang=\"en-US\">Psychiatrie<\/span><\/span><\/span><\/strong><\/p>\n<ul>\n<li><span style=\"font-family: Calibri,serif;\"><span lang=\"en-US\">Prof. <\/span><\/span><span style=\"font-family: Calibri,serif;\"><span lang=\"en-US\"><b>Marion Leboyer (INSERM)<\/b><\/span><\/span><span style=\"font-family: Calibri,serif;\"><span lang=\"en-US\">\u00a0 <\/span><\/span><\/li>\n<li><span style=\"font-family: Calibri,serif;\"><span lang=\"en-US\">Prof. <\/span><\/span><span style=\"font-family: Calibri,serif;\"><b>Pierre Michel Llorca (Chu de Clermont-Ferrand<\/b><b>)<\/b><\/span><\/li>\n<li><span style=\"font-family: Calibri,serif;\">Prof. <\/span><span style=\"font-family: Calibri,serif;\"><b>Philippe Courtet (CHU Montpellier)<\/b><\/span><\/li>\n<li><span style=\"font-family: Calibri,serif;\"><span lang=\"en-US\">Prof. <\/span><\/span><span style=\"font-family: Calibri,serif;\"><span lang=\"en-US\"><b>Emmanuel Haffen<\/b><\/span><\/span><span style=\"font-family: Calibri,serif;\"><span lang=\"en-US\"> (Universit\u00e9 de Franche Comt\u00e9)<\/span><\/span><\/li>\n<li><span style=\"font-family: Calibri,serif;\"><span lang=\"en-US\">Prof. <\/span><\/span><span style=\"font-family: Calibri,serif;\"><span lang=\"en-US\"><b>Manuel Bouvard (CH<\/b><b>U Bordeaux)<\/b><\/span><\/span><span style=\"font-family: Calibri,serif;\"><span lang=\"en-US\">\u00a0 <\/span><\/span><\/li>\n<li><span style=\"font-family: Calibri,serif;\"><span lang=\"en-US\">Prof. <\/span><\/span><span style=\"font-family: Calibri,serif;\"><span lang=\"en-US\"><b>Richard Delorme (APHP)<\/b><\/span><\/span><\/li>\n<li><span style=\"font-family: Calibri,serif;\"><span lang=\"en-US\">Prof. <\/span><\/span><span style=\"font-family: Calibri,serif;\"><span lang=\"en-US\"><b>Philip Gorwood <\/b><\/span><\/span><span style=\"font-family: Calibri,serif;\"><span lang=\"en-US\">(APHP) <\/span><\/span><\/li>\n<li><span style=\"font-family: Calibri,serif;\"><span lang=\"en-US\">Prof.<\/span><\/span><span style=\"font-family: Calibri,serif;\"><span lang=\"en-US\"><b> Luc Mallet (INSERM)<\/b><\/span><\/span><\/li>\n<\/ul>\n<p><span style=\"color: #4f81bd;\"><span style=\"font-family: Calibri,serif;\"><span lang=\"en-US\"><strong>Accident vasculaire c\u00e9r\u00e9bral<\/strong><br \/>\n<\/span><\/span><\/span><\/p>\n<ul>\n<li><span style=\"font-family: Calibri,serif;\">Prof. <\/span><span style=\"font-family: Calibri,serif;\"><b>Yannick B\u00e9jot\u00a0<span style=\"font-family: Calibri,serif;\"><span lang=\"en-US\"> (CHU <\/span><\/span><\/b><span style=\"font-family: Calibri,serif;\"><span lang=\"en-US\">Dijon<\/span><\/span><b><span style=\"font-family: Calibri,serif;\"><span lang=\"en-US\">)<\/span><\/span><\/b><\/span><\/li>\n<\/ul>\n<p><strong><span style=\"color: #4f81bd;\"><span style=\"font-family: Calibri,serif;\"><span lang=\"en-US\">Sant\u00e9 publique et \u00e9conomie m\u00e9dicale<\/span><\/span><\/span><\/strong><\/p>\n<ul>\n<li><span style=\"font-family: Calibri,serif;\"><span lang=\"en-US\">Prof. <\/span><\/span><span style=\"font-family: Calibri,serif;\"><span lang=\"en-US\"><b>Anne-Marie Schott<span style=\"font-family: Calibri,serif;\"> (CHU Lyon)<\/span><\/b><\/span><\/span><\/li>\n<li><span style=\"font-family: Calibri,serif;\"><span lang=\"en-US\">Prof. <\/span><\/span><span style=\"font-family: Calibri,serif;\"><span lang=\"en-US\"><b>Isabelle Durand-Zaleski <\/b><b>(APHP)<\/b><\/span><\/span><span style=\"font-family: Calibri,serif;\"><span lang=\"en-US\">\u00a0 <\/span><\/span><\/li>\n<\/ul>\n<p><strong><span style=\"color: #4f81bd;\"><span style=\"font-family: Calibri,serif;\"><span lang=\"en-US\">Neuropathies<\/span><\/span><\/span><\/strong><\/p>\n<ul>\n<li><span style=\"font-family: Calibri,serif;\"><span lang=\"en-US\">Dr. <\/span><\/span><span style=\"font-family: Calibri,serif;\"><span lang=\"en-US\"><b>Jean-Marc L\u00e9ger (APHP)<\/b><\/span><\/span><\/li>\n<\/ul>\n<p class=\"western\" lang=\"en-US\"><strong><span style=\"color: #4f81bd;\"><span style=\"font-family: Cambria, serif;\">Alzheimer &amp; cognitive disorders<\/span><\/span><\/strong><\/p>\n<ul>\n<li>\n<p lang=\"en-US\"><span style=\"font-family: Cambria, serif;\">Prof.<\/span><span style=\"font-family: Cambria, serif;\"><b> Florence Pasquier <\/b><\/span>(CHRU Lille)<b> <\/b><\/p>\n<\/li>\n<li>\n<p lang=\"en-US\"><span style=\"font-family: Cambria, serif;\">Prof. <\/span><span style=\"font-family: Cambria, serif;\"><b>Pierre Krolak Salmon (CHU Lyon)<br \/>\n<\/b><\/span><\/p>\n<\/li>\n<\/ul>\n<p class=\"western\" lang=\"en-US\" align=\"justify\"><span style=\"font-family: Cambria,serif;\"><span lang=\"fr-FR\">\u00a0<\/span><\/span><\/p>\n","protected":false},"excerpt":{"rendered":"<p>Une des missions du Conseil Fran\u00e7ais du Cerveau est de participer \u00e0 l&#8217;\u00e9valuation des co\u00fbts de sant\u00e9 li\u00e9s aux maladies du cerveau en France et en Europe. Pour remplir cette <a class=\"more-link\" href=\"http:\/\/conseilfrancaisducerveau.org\/index.php\/presentation\/les-experts-du-conseil-francais-du-cerveau\/\">Lire la suite \u2192<\/a><\/p>\n","protected":false},"author":1,"featured_media":0,"parent":24,"menu_order":6,"comment_status":"closed","ping_status":"closed","template":"","meta":[],"_links":{"self":[{"href":"http:\/\/conseilfrancaisducerveau.org\/index.php\/wp-json\/wp\/v2\/pages\/83"}],"collection":[{"href":"http:\/\/conseilfrancaisducerveau.org\/index.php\/wp-json\/wp\/v2\/pages"}],"about":[{"href":"http:\/\/conseilfrancaisducerveau.org\/index.php\/wp-json\/wp\/v2\/types\/page"}],"author":[{"embeddable":true,"href":"http:\/\/conseilfrancaisducerveau.org\/index.php\/wp-json\/wp\/v2\/users\/1"}],"replies":[{"embeddable":true,"href":"http:\/\/conseilfrancaisducerveau.org\/index.php\/wp-json\/wp\/v2\/comments?post=83"}],"version-history":[{"count":3,"href":"http:\/\/conseilfrancaisducerveau.org\/index.php\/wp-json\/wp\/v2\/pages\/83\/revisions"}],"predecessor-version":[{"id":150,"href":"http:\/\/conseilfrancaisducerveau.org\/index.php\/wp-json\/wp\/v2\/pages\/83\/revisions\/150"}],"up":[{"embeddable":true,"href":"http:\/\/conseilfrancaisducerveau.org\/index.php\/wp-json\/wp\/v2\/pages\/24"}],"wp:attachment":[{"href":"http:\/\/conseilfrancaisducerveau.org\/index.php\/wp-json\/wp\/v2\/media?parent=83"}],"curies":[{"name":"wp","href":"https:\/\/api.w.org\/{rel}","templated":true}]}}